{"id":1957,"date":"2026-08-18T10:23:52","date_gmt":"2026-08-18T08:23:52","guid":{"rendered":"https:\/\/oneplace-rungis.com\/?page_id=1957"},"modified":"2026-08-20T10:23:16","modified_gmt":"2026-08-20T08:23:16","slug":"elementor-1957","status":"publish","type":"page","link":"https:\/\/oneplace-rungis.com\/index.php\/elementor-1957\/","title":{"rendered":"Gr\u00e9gory Cohen &#8211; Chef. Entrepreneur. Agitateur culinaire."},"content":{"rendered":"\t\t<div data-elementor-type=\"wp-page\" data-elementor-id=\"1957\" class=\"elementor elementor-1957\" data-elementor-post-type=\"page\">\n\t\t\t\t<div class=\"elementor-element elementor-element-dcc0b19 e-flex e-con-boxed e-con e-parent\" data-id=\"dcc0b19\" data-element_type=\"container\" data-e-type=\"container\" data-settings=\"{&quot;background_background&quot;:&quot;classic&quot;}\">\n\t\t\t\t\t<div class=\"e-con-inner\">\n\t\t<div class=\"elementor-element elementor-element-918c6ba e-grid e-con-full e-con e-child\" data-id=\"918c6ba\" data-element_type=\"container\" data-e-type=\"container\" data-settings=\"{&quot;background_background&quot;:&quot;classic&quot;}\">\n\t\t\t\t<div class=\"elementor-element elementor-element-031fc7a elementor-widget elementor-widget-image\" data-id=\"031fc7a\" data-element_type=\"widget\" data-e-type=\"widget\" data-widget_type=\"image.default\">\n\t\t\t\t\t\t\t\t\t\t\t\t\t\t\t<img fetchpriority=\"high\" decoding=\"async\" width=\"1024\" height=\"1015\" src=\"https:\/\/oneplace-rungis.com\/wp-content\/uploads\/2026\/08\/Photo-du-chef-1024x1015.png\" class=\"attachment-large size-large wp-image-1959\" alt=\"\" srcset=\"https:\/\/oneplace-rungis.com\/wp-content\/uploads\/2026\/08\/Photo-du-chef-1024x1015.png 1024w, https:\/\/oneplace-rungis.com\/wp-content\/uploads\/2026\/08\/Photo-du-chef-300x297.png 300w, https:\/\/oneplace-rungis.com\/wp-content\/uploads\/2026\/08\/Photo-du-chef-150x150.png 150w, https:\/\/oneplace-rungis.com\/wp-content\/uploads\/2026\/08\/Photo-du-chef-768x761.png 768w, https:\/\/oneplace-rungis.com\/wp-content\/uploads\/2026\/08\/Photo-du-chef-1536x1523.png 1536w, https:\/\/oneplace-rungis.com\/wp-content\/uploads\/2026\/08\/Photo-du-chef.png 1612w\" sizes=\"(max-width: 1024px) 100vw, 1024px\" \/>\t\t\t\t\t\t\t\t\t\t\t\t\t\t\t<\/div>\n\t\t<div class=\"elementor-element elementor-element-5499284 e-con-full e-flex e-con e-child\" data-id=\"5499284\" data-element_type=\"container\" data-e-type=\"container\">\n\t\t\t\t<div class=\"elementor-element elementor-element-6e88cfe elementor-widget elementor-widget-heading\" data-id=\"6e88cfe\" data-element_type=\"widget\" data-e-type=\"widget\" data-widget_type=\"heading.default\">\n\t\t\t\t\t<h2 class=\"elementor-heading-title elementor-size-default\">Chef. Entrepreneur. Agitateur culinaire.<\/h2>\t\t\t\t<\/div>\n\t\t\t\t<\/div>\n\t\t\t\t<\/div>\n\t\t\t\t\t<\/div>\n\t\t\t\t<\/div>\n\t\t<div class=\"elementor-element elementor-element-8e41478 e-flex e-con-boxed e-con e-parent\" data-id=\"8e41478\" data-element_type=\"container\" data-e-type=\"container\">\n\t\t\t\t\t<div class=\"e-con-inner\">\n\t\t<div class=\"elementor-element elementor-element-04f891e e-grid e-con-full e-con e-child\" data-id=\"04f891e\" data-element_type=\"container\" data-e-type=\"container\">\n\t\t<div class=\"elementor-element elementor-element-3a58f1c e-con-full e-flex e-con e-child\" data-id=\"3a58f1c\" data-element_type=\"container\" data-e-type=\"container\">\n\t\t\t\t<div class=\"elementor-element elementor-element-809d7a2 elementor-widget elementor-widget-text-editor\" data-id=\"809d7a2\" data-element_type=\"widget\" data-e-type=\"widget\" data-widget_type=\"text-editor.default\">\n\t\t\t\t\t\t\t\t\t<p><strong>Les premi\u00e8res mains dans la p\u00e2te (1981)<\/strong><br \/>\u00c0 13 ans, son p\u00e8re le met en cuisine au Galant Verre, rue de Verneuil \u00e0 Paris. Sous la direction de Pascal Daguet, disciple de Michel Gu\u00e9rard, il passe dix ans entre les fourneaux et d\u00e9couvre la cuisine nouvelle.<\/p>\t\t\t\t\t\t\t\t<\/div>\n\t\t\t\t<div class=\"elementor-element elementor-element-335f296 elementor-widget elementor-widget-text-editor\" data-id=\"335f296\" data-element_type=\"widget\" data-e-type=\"widget\" data-widget_type=\"text-editor.default\">\n\t\t\t\t\t\t\t\t\t<p><strong>Le d\u00e9tour num\u00e9rique (1991-2008)<\/strong><br \/>Apr\u00e8s l&rsquo;arm\u00e9e, il part pour Ha\u00efti, se retrouve exfiltr\u00e9 lors d&rsquo;un coup d&rsquo;\u00e9tat et atterrit \u00e0 New York. Il y d\u00e9couvre les delis, les Chinatown, la casual food am\u00e9ricaine. Il monte une agence digitale, organise l&rsquo;Apple Expo \u00e0 Paris, re\u00e7oit les f\u00e9licitations de Steve Jobs en personne, et devient Vice-Pr\u00e9sident Europe d&rsquo;une agence de 3 500 collaborateurs.<\/p>\t\t\t\t\t\t\t\t<\/div>\n\t\t\t\t<div class=\"elementor-element elementor-element-5eb3c07 elementor-widget elementor-widget-text-editor\" data-id=\"5eb3c07\" data-element_type=\"widget\" data-e-type=\"widget\" data-widget_type=\"text-editor.default\">\n\t\t\t\t\t\t\t\t\t<p><strong>Le retour aux sources (2008)<\/strong><br \/>Un dimanche matin, sa fille de 3 ans le regarde comme un inconnu. Il pose tout. Il renoue avec la cuisine pour transmettre et partager, cr\u00e9e le blog \u00ab\u00a0Un homme aux fourneaux\u00a0\u00bb et ne s&rsquo;arr\u00eate plus.<\/p>\t\t\t\t\t\t\t\t<\/div>\n\t\t\t\t<\/div>\n\t\t<div class=\"elementor-element elementor-element-3904083 e-con-full e-flex e-con e-child\" data-id=\"3904083\" data-element_type=\"container\" data-e-type=\"container\">\n\t\t\t\t<div class=\"elementor-element elementor-element-aa67f4a elementor-widget elementor-widget-text-editor\" data-id=\"aa67f4a\" data-element_type=\"widget\" data-e-type=\"widget\" data-widget_type=\"text-editor.default\">\n\t\t\t\t\t\t\t\t\t<p><strong>Les premiers concepts (2010-2022)<\/strong><br \/>Bar \u00e0 Burgers, Camion \u00e0 Burgers (mont\u00e9 au sommet de l&rsquo;Aiguille du Midi,), p\u00e2tisserie Me (Mon \u00c9clair), direction des cuisines de l&rsquo;h\u00f4tel Mom&rsquo;Art, du Bowmann, du 99 Haussmann, invitation au Voyage de la Samaritaine, et en 2024 chef ex\u00e9cutif consultant du Fitz Group.<\/p>\t\t\t\t\t\t\t\t<\/div>\n\t\t\t\t<div class=\"elementor-element elementor-element-4db3002 elementor-widget elementor-widget-text-editor\" data-id=\"4db3002\" data-element_type=\"widget\" data-e-type=\"widget\" data-widget_type=\"text-editor.default\">\n\t\t\t\t\t\t\t\t\t<p><strong>onePlace Food Market (2024)<\/strong><br \/>Trois ans de pr\u00e9paration, 3,5 M\u20ac d&rsquo;investissement, 1 650 m\u00b2, 5 concepts, 300 couverts. Le projet de toute une vie.<\/p>\t\t\t\t\t\t\t\t<\/div>\n\t\t\t\t<\/div>\n\t\t\t\t<\/div>\n\t\t\t\t\t<\/div>\n\t\t\t\t<\/div>\n\t\t<div class=\"elementor-element elementor-element-fe517de e-flex e-con-boxed e-con e-parent\" data-id=\"fe517de\" data-element_type=\"container\" data-e-type=\"container\" data-settings=\"{&quot;background_background&quot;:&quot;classic&quot;}\">\n\t\t\t\t\t<div class=\"e-con-inner\">\n\t\t\t\t\t<\/div>\n\t\t\t\t<\/div>\n\t\t<div class=\"elementor-element elementor-element-bc6a8cf e-flex e-con-boxed e-con e-parent\" data-id=\"bc6a8cf\" data-element_type=\"container\" data-e-type=\"container\">\n\t\t\t\t\t<div class=\"e-con-inner\">\n\t\t\t\t<div class=\"elementor-element elementor-element-92c457c elementor-widget elementor-widget-heading\" data-id=\"92c457c\" data-element_type=\"widget\" data-e-type=\"widget\" data-widget_type=\"heading.default\">\n\t\t\t\t\t<h2 class=\"elementor-heading-title elementor-size-default\">Quand la passion devient produit<\/h2>\t\t\t\t<\/div>\n\t\t\t\t\t<\/div>\n\t\t\t\t<\/div>\n\t\t<div class=\"elementor-element elementor-element-f22f502 e-grid e-con-boxed e-con e-parent\" data-id=\"f22f502\" data-element_type=\"container\" data-e-type=\"container\">\n\t\t\t\t\t<div class=\"e-con-inner\">\n\t\t\t\t<div class=\"elementor-element elementor-element-b4e861f elementor-flip-box--3d elementor-flip-box--effect-flip elementor-flip-box--direction-up elementor-widget elementor-widget-flip-box\" data-id=\"b4e861f\" data-element_type=\"widget\" data-e-type=\"widget\" data-widget_type=\"flip-box.default\">\n\t\t\t\t\t\t\t<div class=\"elementor-flip-box\" tabindex=\"0\">\n\t\t\t<div class=\"elementor-flip-box__layer elementor-flip-box__front\">\n\t\t\t\t<div class=\"elementor-flip-box__layer__overlay\">\n\t\t\t\t\t<div class=\"elementor-flip-box__layer__inner\">\n\t\t\t\t\t\t\n\t\t\t\t\t\t\n\t\t\t\t\t\t\t\t\t\t\t<\/div>\n\t\t\t\t<\/div>\n\t\t\t<\/div>\n\t\t\t<div class=\"elementor-flip-box__layer elementor-flip-box__back\">\n\t\t\t<div class=\"elementor-flip-box__layer__overlay\">\n\t\t\t\t<div class=\"elementor-flip-box__layer__inner\">\n\t\t\t\t\t\t\t\t\t\t\t<h3 class=\"elementor-flip-box__layer__title\">\n\t\t\t\t\t\t\tRhum maison M.A.D\t\t\t\t\t\t<\/h3>\n\t\t\t\t\t\n\t\t\t\t\t\t\t\t\t\t\t<div class=\"elementor-flip-box__layer__description\">\n\t\t\t\t\t\t\tN\u00e9 d'un voyage initiatique \u00e0 Madagascar, M.A.D est un rhum de caract\u00e8re titrant \u00e0 50\u00b0, \u00e9labor\u00e9 par transfert de produits bruts sans sucre ajout\u00e9. Quatre r\u00e9f\u00e9rences : Poivre sauvage, Cacao, Caf\u00e9 vert et Vanille Pompona. Deux ingr\u00e9dients par bouteille, rien de plus.\n\t\t\t\t\t\t<\/div>\n\t\t\t\t\t\n\t\t\t\t\t\t\t\t\t\t\t<a class=\"elementor-flip-box__button elementor-button elementor-size-sm\" href=\"https:\/\/oneplace-rungis.com\/index.php\/rhum-m-a-d\/\">\n\t\t\t\t\t\t\tD\u00e9couvrir\t\t\t\t\t\t<\/a>\n\t\t\t\t\t\t\t\t<\/div>\n\t\t<\/div>\n\t\t<\/div>\n\t\t<\/div>\n\t\t\t\t\t\t<\/div>\n\t\t\t\t<div class=\"elementor-element elementor-element-fe8ffdd elementor-flip-box--3d elementor-flip-box--effect-flip elementor-flip-box--direction-up elementor-widget elementor-widget-flip-box\" data-id=\"fe8ffdd\" data-element_type=\"widget\" data-e-type=\"widget\" data-widget_type=\"flip-box.default\">\n\t\t\t\t\t\t\t<div class=\"elementor-flip-box\" tabindex=\"0\">\n\t\t\t<div class=\"elementor-flip-box__layer elementor-flip-box__front\">\n\t\t\t\t<div class=\"elementor-flip-box__layer__overlay\">\n\t\t\t\t\t<div class=\"elementor-flip-box__layer__inner\">\n\t\t\t\t\t\t\n\t\t\t\t\t\t\n\t\t\t\t\t\t\t\t\t\t\t<\/div>\n\t\t\t\t<\/div>\n\t\t\t<\/div>\n\t\t\t<div class=\"elementor-flip-box__layer elementor-flip-box__back\">\n\t\t\t<div class=\"elementor-flip-box__layer__overlay\">\n\t\t\t\t<div class=\"elementor-flip-box__layer__inner\">\n\t\t\t\t\t\t\t\t\t\t\t<h3 class=\"elementor-flip-box__layer__title\">\n\t\t\t\t\t\t\tMiel Temporalit\u00e9\t\t\t\t\t\t<\/h3>\n\t\t\t\t\t\n\t\t\t\t\t\t\t\t\t\t\t<div class=\"elementor-flip-box__layer__description\">\n\t\t\t\t\t\t\tUn miel d'exception produit avec les cadres noirs du Percheron, depuis ses ruches en Normandie. L'autre fa\u00e7on de ramener le terroir dans l'assiette.\t\t\t\t\t\t<\/div>\n\t\t\t\t\t\n\t\t\t\t\t\t\t\t<\/div>\n\t\t<\/div>\n\t\t<\/div>\n\t\t<\/div>\n\t\t\t\t\t\t<\/div>\n\t\t\t\t<div class=\"elementor-element elementor-element-f291b26 elementor-flip-box--3d elementor-flip-box--effect-flip elementor-flip-box--direction-up elementor-widget elementor-widget-flip-box\" data-id=\"f291b26\" data-element_type=\"widget\" data-e-type=\"widget\" data-widget_type=\"flip-box.default\">\n\t\t\t\t\t\t\t<div class=\"elementor-flip-box\" tabindex=\"0\">\n\t\t\t<div class=\"elementor-flip-box__layer elementor-flip-box__front\">\n\t\t\t\t<div class=\"elementor-flip-box__layer__overlay\">\n\t\t\t\t\t<div class=\"elementor-flip-box__layer__inner\">\n\t\t\t\t\t\t\n\t\t\t\t\t\t\n\t\t\t\t\t\t\t\t\t\t\t<\/div>\n\t\t\t\t<\/div>\n\t\t\t<\/div>\n\t\t\t<div class=\"elementor-flip-box__layer elementor-flip-box__back\">\n\t\t\t<div class=\"elementor-flip-box__layer__overlay\">\n\t\t\t\t<div class=\"elementor-flip-box__layer__inner\">\n\t\t\t\t\t\t\t\t\t\t\t<h3 class=\"elementor-flip-box__layer__title\">\n\t\t\t\t\t\t\tLivres de cuisine\t\t\t\t\t\t<\/h3>\n\t\t\t\t\t\n\t\t\t\t\t\t\t\t\t\t\t<div class=\"elementor-flip-box__layer__description\">\n\t\t\t\t\t\t\tQuatre ouvrages publi\u00e9s, tous pens\u00e9s pour transmettre au plus grand nombre : \"Ma cuisine m\u00e9diterran\u00e9enne Yalah\", \"Ma cuisine italienne Bella Gigi\", \"60 classiques de la p\u00e2tisserie au Nutella\" (Larousse), et \"Partage 70 recettes simples et conviviales\" co\u00e9crit avec Ali Rebeihi.\t\t\t\t\t\t<\/div>\n\t\t\t\t\t\n\t\t\t\t\t\t\t\t<\/div>\n\t\t<\/div>\n\t\t<\/div>\n\t\t<\/div>\n\t\t\t\t\t\t<\/div>\n\t\t\t\t\t<\/div>\n\t\t\t\t<\/div>\n\t\t<div class=\"elementor-element elementor-element-b788173 e-flex e-con-boxed e-con e-parent\" data-id=\"b788173\" data-element_type=\"container\" data-e-type=\"container\" data-settings=\"{&quot;background_background&quot;:&quot;classic&quot;}\">\n\t\t\t\t\t<div class=\"e-con-inner\">\n\t\t<div class=\"elementor-element elementor-element-408c97a e-con-full e-grid e-con e-child\" data-id=\"408c97a\" data-element_type=\"container\" data-e-type=\"container\">\n\t\t\t\t<div class=\"elementor-element elementor-element-0b8f9e9 elementor-widget elementor-widget-image\" data-id=\"0b8f9e9\" data-element_type=\"widget\" data-e-type=\"widget\" data-widget_type=\"image.default\">\n\t\t\t\t\t\t\t\t\t\t\t\t\t\t\t<img decoding=\"async\" width=\"960\" height=\"1024\" src=\"https:\/\/oneplace-rungis.com\/wp-content\/uploads\/2026\/08\/hf_20260818_110956_458d6f48-1cd8-4e29-be8e-bb667d655a11-copie-960x1024.png\" class=\"attachment-large size-large wp-image-2011\" alt=\"\" srcset=\"https:\/\/oneplace-rungis.com\/wp-content\/uploads\/2026\/08\/hf_20260818_110956_458d6f48-1cd8-4e29-be8e-bb667d655a11-copie-960x1024.png 960w, https:\/\/oneplace-rungis.com\/wp-content\/uploads\/2026\/08\/hf_20260818_110956_458d6f48-1cd8-4e29-be8e-bb667d655a11-copie-281x300.png 281w, https:\/\/oneplace-rungis.com\/wp-content\/uploads\/2026\/08\/hf_20260818_110956_458d6f48-1cd8-4e29-be8e-bb667d655a11-copie-768x819.png 768w, https:\/\/oneplace-rungis.com\/wp-content\/uploads\/2026\/08\/hf_20260818_110956_458d6f48-1cd8-4e29-be8e-bb667d655a11-copie-1440x1536.png 1440w, https:\/\/oneplace-rungis.com\/wp-content\/uploads\/2026\/08\/hf_20260818_110956_458d6f48-1cd8-4e29-be8e-bb667d655a11-copie.png 1504w\" sizes=\"(max-width: 960px) 100vw, 960px\" \/>\t\t\t\t\t\t\t\t\t\t\t\t\t\t\t<\/div>\n\t\t<div class=\"elementor-element elementor-element-9a9d428 e-con-full e-flex e-con e-child\" data-id=\"9a9d428\" data-element_type=\"container\" data-e-type=\"container\" data-settings=\"{&quot;background_background&quot;:&quot;classic&quot;}\">\n\t\t\t\t<div class=\"elementor-element elementor-element-bca5dff elementor-widget elementor-widget-text-editor\" data-id=\"bca5dff\" data-element_type=\"widget\" data-e-type=\"widget\" data-widget_type=\"text-editor.default\">\n\t\t\t\t\t\t\t\t\t<h4>Gr\u00e9gory Cohen &amp; Nutella Academy<\/h4><p class=\"font-claude-response-body break-words whitespace-normal\" dir=\"ltr\"><span class=\"_animating_muyve_10\" data-newtext-seq=\"0\">Depuis 2019, <\/span><span class=\"_animating_muyve_10\" data-newtext-seq=\"13\">Gr\u00e9gory Cohen est le parrain de la <\/span><span class=\"_animating_muyve_10\" data-newtext-seq=\"48\">Nutella Academy, le concours cr\u00e9\u00e9 par <\/span><span class=\"_animating_muyve_10\" data-newtext-seq=\"86\">Ferrero pour r\u00e9v\u00e9ler les jeunes talents <\/span><span class=\"_animating_muyve_10\" data-newtext-seq=\"126\">de la p\u00e2tisserie fran\u00e7aise. N\u00e9 de la <\/span><span class=\"_animating_muyve_10\" data-newtext-seq=\"163\">rencontre entre la marque et le chef, <\/span><span class=\"_animating_muyve_10\" data-newtext-seq=\"201\">ce partenariat s&rsquo;est construit autour <\/span><span class=\"_animating_muyve_10\" data-newtext-seq=\"239\">d&rsquo;un objectif commun : valoriser le <\/span><span class=\"_animating_muyve_10\" data-newtext-seq=\"275\">savoir-faire des apprentis et <\/span><span class=\"_animating_muyve_10\" data-newtext-seq=\"305\">donner de la visibilit\u00e9 \u00e0 leurs centres <\/span><span class=\"_animating_muyve_10\" data-newtext-seq=\"345\">de formation.<\/span><\/p><p class=\"font-claude-response-body break-words whitespace-normal\" dir=\"ltr\"><span class=\"_animating_muyve_10\" data-newtext-seq=\"0\">Chaque ann\u00e9e, il pr\u00e9side <\/span><span class=\"_animating_muyve_10\" data-newtext-seq=\"25\">le jury et accompagne les candidats <\/span><span class=\"_animating_muyve_10\" data-newtext-seq=\"61\">tout au long de la comp\u00e9tition, <\/span><span class=\"_animating_muyve_10\" data-newtext-seq=\"93\">des pr\u00e9s\u00e9lections en r\u00e9gion jusqu&rsquo;\u00e0 la <\/span><span class=\"_animating_muyve_10\" data-newtext-seq=\"132\">grande finale. En 2023, le concours <\/span><span class=\"_animating_muyve_10\" data-newtext-seq=\"168\">s&rsquo;ouvre \u00e0 une nouvelle cat\u00e9gorie d\u00e9di\u00e9e <\/span><span class=\"_animating_muyve_10\" data-newtext-seq=\"208\">aux amateurs, port\u00e9e par le m\u00eame <\/span><span class=\"_animating_muyve_10\" data-newtext-seq=\"241\">engagement de transmission.<\/span><\/p><p class=\"font-claude-response-body break-words whitespace-normal\" dir=\"ltr\"><span class=\"_animating_muyve_10\" data-newtext-seq=\"0\">Au fil des <\/span><span class=\"_animating_muyve_10\" data-newtext-seq=\"11\">\u00e9ditions, la Nutella Academy a r\u00e9uni <\/span><span class=\"_animating_muyve_10\" data-newtext-seq=\"48\">plusieurs centaines de candidats <\/span><span class=\"_animating_muyve_10\" data-newtext-seq=\"81\">issus de centres de formation partout <\/span><span class=\"_animating_muyve_10\" data-newtext-seq=\"119\">en France. Une aventure que Gr\u00e9gory <\/span><span class=\"_animating_muyve_10\" data-newtext-seq=\"155\">Cohen poursuit aujourd&rsquo;hui aussi au <\/span><span class=\"_animating_muyve_10\" data-newtext-seq=\"191\">Japon, <\/span><span class=\"_animating_muyve_10\" data-newtext-seq=\"198\">o\u00f9 il conseille Ferrero sur le d\u00e9veloppement de la Nutella Academy<\/span><\/p>\t\t\t\t\t\t\t\t<\/div>\n\t\t<div class=\"elementor-element elementor-element-25b0a7b e-con-full e-flex e-con e-child\" data-id=\"25b0a7b\" data-element_type=\"container\" data-e-type=\"container\">\n\t\t<div class=\"elementor-element elementor-element-10e9010 e-con-full e-flex e-con e-child\" data-id=\"10e9010\" data-element_type=\"container\" data-e-type=\"container\" data-settings=\"{&quot;background_background&quot;:&quot;classic&quot;}\">\n\t\t\t\t<\/div>\n\t\t<div class=\"elementor-element elementor-element-e84f138 e-con-full e-flex e-con e-child\" data-id=\"e84f138\" data-element_type=\"container\" data-e-type=\"container\">\n\t\t\t\t<div class=\"elementor-element elementor-element-3a4efdc elementor-widget elementor-widget-heading\" data-id=\"3a4efdc\" data-element_type=\"widget\" data-e-type=\"widget\" data-widget_type=\"heading.default\">\n\t\t\t\t\t<h2 class=\"elementor-heading-title elementor-size-default\">\nLes astuces exclusives du Chef Gr\u00e9gory Cohen<\/h2>\t\t\t\t<\/div>\n\t\t\t\t<div class=\"elementor-element elementor-element-944d2aa elementor-widget elementor-widget-button\" data-id=\"944d2aa\" data-element_type=\"widget\" data-e-type=\"widget\" data-widget_type=\"button.default\">\n\t\t\t\t\t\t\t\t\t\t<a class=\"elementor-button elementor-button-link elementor-size-sm\" href=\"https:\/\/youtu.be\/CG1mjs_jAno\">\n\t\t\t\t\t\t<span class=\"elementor-button-content-wrapper\">\n\t\t\t\t\t\t\t\t\t<span class=\"elementor-button-text\">Voir la vid\u00e9o<\/span>\n\t\t\t\t\t<\/span>\n\t\t\t\t\t<\/a>\n\t\t\t\t\t\t\t\t<\/div>\n\t\t\t\t<\/div>\n\t\t\t\t<\/div>\n\t\t\t\t<\/div>\n\t\t\t\t<\/div>\n\t\t\t\t\t<\/div>\n\t\t\t\t<\/div>\n\t\t\t\t<\/div>\n\t\t","protected":false},"excerpt":{"rendered":"<p>Chef. Entrepreneur. Agitateur culinaire. Les premi\u00e8res mains dans la p\u00e2te (1981)\u00c0 13 ans, son p\u00e8re le met en cuisine au Galant Verre, rue de Verneuil \u00e0 Paris. Sous la direction de Pascal Daguet, disciple de Michel Gu\u00e9rard, il passe dix ans entre les fourneaux et d\u00e9couvre la cuisine nouvelle. Le d\u00e9tour num\u00e9rique (1991-2008)Apr\u00e8s l&rsquo;arm\u00e9e, il [&hellip;]<\/p>\n","protected":false},"author":2,"featured_media":0,"parent":0,"menu_order":0,"comment_status":"closed","ping_status":"closed","template":"pleine-page","meta":{"footnotes":""},"class_list":["post-1957","page","type-page","status-publish","hentry"],"jetpack_sharing_enabled":true,"_links":{"self":[{"href":"https:\/\/oneplace-rungis.com\/index.php\/wp-json\/wp\/v2\/pages\/1957","targetHints":{"allow":["GET"]}}],"collection":[{"href":"https:\/\/oneplace-rungis.com\/index.php\/wp-json\/wp\/v2\/pages"}],"about":[{"href":"https:\/\/oneplace-rungis.com\/index.php\/wp-json\/wp\/v2\/types\/page"}],"author":[{"embeddable":true,"href":"https:\/\/oneplace-rungis.com\/index.php\/wp-json\/wp\/v2\/users\/2"}],"replies":[{"embeddable":true,"href":"https:\/\/oneplace-rungis.com\/index.php\/wp-json\/wp\/v2\/comments?post=1957"}],"version-history":[{"count":52,"href":"https:\/\/oneplace-rungis.com\/index.php\/wp-json\/wp\/v2\/pages\/1957\/revisions"}],"predecessor-version":[{"id":2086,"href":"https:\/\/oneplace-rungis.com\/index.php\/wp-json\/wp\/v2\/pages\/1957\/revisions\/2086"}],"wp:attachment":[{"href":"https:\/\/oneplace-rungis.com\/index.php\/wp-json\/wp\/v2\/media?parent=1957"}],"curies":[{"name":"wp","href":"https:\/\/api.w.org\/{rel}","templated":true}]}}